{"id":3095,"date":"2025-07-22T20:04:36","date_gmt":"2025-07-22T19:04:36","guid":{"rendered":"https:\/\/casinhadaceu.pt\/?page_id=3095"},"modified":"2025-07-22T21:57:44","modified_gmt":"2025-07-22T20:57:44","slug":"o-que-fazer-em-cortes-do-meio-e-na-serra-da-estrela","status":"publish","type":"page","link":"https:\/\/casinhadaceu.pt\/fr\/o-que-fazer-em-cortes-do-meio-e-na-serra-da-estrela\/","title":{"rendered":"Que faire \u00e0 Cortes do Meio et dans la Serra da Estrela"},"content":{"rendered":"<div data-elementor-type=\"wp-page\" data-elementor-id=\"3095\" class=\"elementor elementor-3095\">\n\t\t\t\t\t\t<section class=\"elementor-section elementor-top-section elementor-element elementor-element-5c521c6 elementor-section-full_width elementor-section-stretched elementor-section-height-default elementor-section-height-default\" data-id=\"5c521c6\" data-element_type=\"section\" data-e-type=\"section\" data-settings=\"{&quot;stretch_section&quot;:&quot;section-stretched&quot;,&quot;background_background&quot;:&quot;classic&quot;}\">\n\t\t\t\t\t\t<div class=\"elementor-container elementor-column-gap-default\">\n\t\t\t\t\t<div class=\"elementor-column elementor-col-50 elementor-top-column elementor-element elementor-element-55b8732 elementor-hidden-mobile\" data-id=\"55b8732\" data-element_type=\"column\" data-e-type=\"column\">\n\t\t\t<div class=\"elementor-widget-wrap elementor-element-populated\">\n\t\t\t\t\t\t<div class=\"elementor-element elementor-element-cae0498 elementor-widget elementor-widget-image\" data-id=\"cae0498\" data-element_type=\"widget\" data-e-type=\"widget\" data-widget_type=\"image.default\">\n\t\t\t\t<div class=\"elementor-widget-container\">\n\t\t\t\t\t\t\t\t\t\t\t\t\t\t\t<img fetchpriority=\"high\" decoding=\"async\" width=\"672\" height=\"840\" src=\"https:\/\/casinhadaceu.pt\/wp-content\/uploads\/2025\/07\/natanael-vieira-M2QbhbOPbk8-unsplash-819x1024.webp\" class=\"attachment-large size-large wp-image-2341\" alt=\"\" srcset=\"https:\/\/casinhadaceu.pt\/wp-content\/uploads\/2025\/07\/natanael-vieira-M2QbhbOPbk8-unsplash-819x1024.webp 819w, https:\/\/casinhadaceu.pt\/wp-content\/uploads\/2025\/07\/natanael-vieira-M2QbhbOPbk8-unsplash-240x300.webp 240w, https:\/\/casinhadaceu.pt\/wp-content\/uploads\/2025\/07\/natanael-vieira-M2QbhbOPbk8-unsplash-768x960.webp 768w, https:\/\/casinhadaceu.pt\/wp-content\/uploads\/2025\/07\/natanael-vieira-M2QbhbOPbk8-unsplash-1229x1536.webp 1229w, https:\/\/casinhadaceu.pt\/wp-content\/uploads\/2025\/07\/natanael-vieira-M2QbhbOPbk8-unsplash-1638x2048.webp 1638w, https:\/\/casinhadaceu.pt\/wp-content\/uploads\/2025\/07\/natanael-vieira-M2QbhbOPbk8-unsplash-10x12.webp 10w, https:\/\/casinhadaceu.pt\/wp-content\/uploads\/2025\/07\/natanael-vieira-M2QbhbOPbk8-unsplash-892x1115.webp 892w, https:\/\/casinhadaceu.pt\/wp-content\/uploads\/2025\/07\/natanael-vieira-M2QbhbOPbk8-unsplash.webp 1914w\" sizes=\"(max-width: 672px) 100vw, 672px\" \/>\t\t\t\t\t\t\t\t\t\t\t\t\t\t\t<\/div>\n\t\t\t\t<\/div>\n\t\t\t\t\t<\/div>\n\t\t<\/div>\n\t\t\t\t<div class=\"elementor-column elementor-col-50 elementor-top-column elementor-element elementor-element-397cbb4\" data-id=\"397cbb4\" data-element_type=\"column\" data-e-type=\"column\">\n\t\t\t<div class=\"elementor-widget-wrap elementor-element-populated\">\n\t\t\t\t\t\t<div class=\"elementor-element elementor-element-a727b2a animated-slow elementor-hidden-mobile elementor-invisible elementor-widget elementor-widget-image\" data-id=\"a727b2a\" data-element_type=\"widget\" data-e-type=\"widget\" data-settings=\"{&quot;_animation&quot;:&quot;fadeInUp&quot;,&quot;_animation_delay&quot;:1000}\" data-widget_type=\"image.default\">\n\t\t\t\t<div class=\"elementor-widget-container\">\n\t\t\t\t\t\t\t\t\t\t\t\t\t\t\t<img decoding=\"async\" width=\"64\" height=\"64\" src=\"https:\/\/casinhadaceu.pt\/wp-content\/uploads\/2025\/07\/Mergulhar-1.svg\" class=\"attachment-large size-large wp-image-1862\" alt=\"\" \/>\t\t\t\t\t\t\t\t\t\t\t\t\t\t\t<\/div>\n\t\t\t\t<\/div>\n\t\t\t\t<div class=\"elementor-element elementor-element-04937f3 animated-slow elementor-invisible elementor-widget elementor-widget-heading\" data-id=\"04937f3\" data-element_type=\"widget\" data-e-type=\"widget\" data-settings=\"{&quot;_animation&quot;:&quot;fadeIn&quot;}\" data-widget_type=\"heading.default\">\n\t\t\t\t<div class=\"elementor-widget-container\">\n\t\t\t\t\t<h2 class=\"elementor-heading-title elementor-size-default\">Que faire \u00e0 Cortes do Meio et dans la Serra da Estrela<\/h2>\t\t\t\t<\/div>\n\t\t\t\t<\/div>\n\t\t\t\t<div class=\"elementor-element elementor-element-b94e623 animated-slow elementor-invisible elementor-widget elementor-widget-text-editor\" data-id=\"b94e623\" data-element_type=\"widget\" data-e-type=\"widget\" data-settings=\"{&quot;_animation&quot;:&quot;fadeIn&quot;}\" data-widget_type=\"text-editor.default\">\n\t\t\t\t<div class=\"elementor-widget-container\">\n\t\t\t\t\t\t\t\t\t<p><strong>L\u2019aventure commence juste \u00e0 la porte de la Casinha da C\u00e9u<\/strong><\/p><p>Que vous cherchiez la tranquillit\u00e9, l\u2019aventure ou la nature pure, vous \u00eates au bon endroit. La Casinha da C\u00e9u est au c\u0153ur de la Serra da Estrela \u2014 et tout commence \u00e0 quelques pas de la maison.<\/p>\t\t\t\t\t\t\t\t<\/div>\n\t\t\t\t<\/div>\n\t\t\t\t\t<\/div>\n\t\t<\/div>\n\t\t\t\t\t<\/div>\n\t\t<\/section>\n\t\t\t\t<section class=\"elementor-section elementor-top-section elementor-element elementor-element-46bf788 elementor-section-boxed elementor-section-height-default elementor-section-height-default\" data-id=\"46bf788\" data-element_type=\"section\" data-e-type=\"section\">\n\t\t\t\t\t\t<div class=\"elementor-container elementor-column-gap-default\">\n\t\t\t\t\t<div class=\"elementor-column elementor-col-100 elementor-top-column elementor-element elementor-element-b789569\" data-id=\"b789569\" data-element_type=\"column\" data-e-type=\"column\">\n\t\t\t<div class=\"elementor-widget-wrap elementor-element-populated\">\n\t\t\t\t\t\t<div class=\"elementor-element elementor-element-126a9dc animated-slow elementor-invisible elementor-widget elementor-widget-heading\" data-id=\"126a9dc\" data-element_type=\"widget\" data-e-type=\"widget\" data-settings=\"{&quot;_animation&quot;:&quot;fadeIn&quot;}\" data-widget_type=\"heading.default\">\n\t\t\t\t<div class=\"elementor-widget-container\">\n\t\t\t\t\t<h2 class=\"elementor-heading-title elementor-size-default\">\ud83c\udf3f Nature et Tranquillit\u00e9<\/h2>\t\t\t\t<\/div>\n\t\t\t\t<\/div>\n\t\t\t\t<section class=\"elementor-section elementor-inner-section elementor-element elementor-element-83d2004 elementor-section-boxed elementor-section-height-default elementor-section-height-default\" data-id=\"83d2004\" data-element_type=\"section\" data-e-type=\"section\">\n\t\t\t\t\t\t<div class=\"elementor-container elementor-column-gap-default\">\n\t\t\t\t\t<div class=\"elementor-column elementor-col-33 elementor-inner-column elementor-element elementor-element-a1a95a6\" data-id=\"a1a95a6\" data-element_type=\"column\" data-e-type=\"column\">\n\t\t\t<div class=\"elementor-widget-wrap elementor-element-populated\">\n\t\t\t\t\t\t<div class=\"elementor-element elementor-element-53e8b8e elementor-position-top elementor-widget elementor-widget-image-box\" data-id=\"53e8b8e\" data-element_type=\"widget\" data-e-type=\"widget\" data-widget_type=\"image-box.default\">\n\t\t\t\t<div class=\"elementor-widget-container\">\n\t\t\t\t\t<div class=\"elementor-image-box-wrapper\"><figure class=\"elementor-image-box-img\"><img decoding=\"async\" width=\"1080\" height=\"1350\" src=\"https:\/\/casinhadaceu.pt\/wp-content\/uploads\/2025\/07\/poco-do-forno-velho-3.webp\" class=\"attachment-full size-full wp-image-3040\" alt=\"\" srcset=\"https:\/\/casinhadaceu.pt\/wp-content\/uploads\/2025\/07\/poco-do-forno-velho-3.webp 1080w, https:\/\/casinhadaceu.pt\/wp-content\/uploads\/2025\/07\/poco-do-forno-velho-3-240x300.webp 240w, https:\/\/casinhadaceu.pt\/wp-content\/uploads\/2025\/07\/poco-do-forno-velho-3-819x1024.webp 819w, https:\/\/casinhadaceu.pt\/wp-content\/uploads\/2025\/07\/poco-do-forno-velho-3-768x960.webp 768w, https:\/\/casinhadaceu.pt\/wp-content\/uploads\/2025\/07\/poco-do-forno-velho-3-10x12.webp 10w, https:\/\/casinhadaceu.pt\/wp-content\/uploads\/2025\/07\/poco-do-forno-velho-3-892x1115.webp 892w\" sizes=\"(max-width: 1080px) 100vw, 1080px\" \/><\/figure><div class=\"elementor-image-box-content\"><h3 class=\"elementor-image-box-title\">Bassins naturels de Cortes do Meio<\/h3><p class=\"elementor-image-box-description\">D\u00e9couvrez la capitale des piscines naturelles. Il y a plus de 20 bassins aux eaux cristallines, parfaits pour la baignade, les pique-niques ou simplement la contemplation du paysage.<\/p><\/div><\/div>\t\t\t\t<\/div>\n\t\t\t\t<\/div>\n\t\t\t\t\t<\/div>\n\t\t<\/div>\n\t\t\t\t<div class=\"elementor-column elementor-col-33 elementor-inner-column elementor-element elementor-element-5eb0fac\" data-id=\"5eb0fac\" data-element_type=\"column\" data-e-type=\"column\">\n\t\t\t<div class=\"elementor-widget-wrap elementor-element-populated\">\n\t\t\t\t\t\t<div class=\"elementor-element elementor-element-cc1b312 elementor-position-top elementor-widget elementor-widget-image-box\" data-id=\"cc1b312\" data-element_type=\"widget\" data-e-type=\"widget\" data-widget_type=\"image-box.default\">\n\t\t\t\t<div class=\"elementor-widget-container\">\n\t\t\t\t\t<div class=\"elementor-image-box-wrapper\"><figure class=\"elementor-image-box-img\"><img loading=\"lazy\" decoding=\"async\" width=\"1080\" height=\"1350\" src=\"https:\/\/casinhadaceu.pt\/wp-content\/uploads\/2025\/07\/Rota-das-Pontes.jpg\" class=\"attachment-full size-full wp-image-3098\" alt=\"\" srcset=\"https:\/\/casinhadaceu.pt\/wp-content\/uploads\/2025\/07\/Rota-das-Pontes.jpg 1080w, https:\/\/casinhadaceu.pt\/wp-content\/uploads\/2025\/07\/Rota-das-Pontes-240x300.jpg 240w, https:\/\/casinhadaceu.pt\/wp-content\/uploads\/2025\/07\/Rota-das-Pontes-819x1024.jpg 819w, https:\/\/casinhadaceu.pt\/wp-content\/uploads\/2025\/07\/Rota-das-Pontes-768x960.jpg 768w, https:\/\/casinhadaceu.pt\/wp-content\/uploads\/2025\/07\/Rota-das-Pontes-10x12.jpg 10w, https:\/\/casinhadaceu.pt\/wp-content\/uploads\/2025\/07\/Rota-das-Pontes-892x1115.jpg 892w\" sizes=\"(max-width: 1080px) 100vw, 1080px\" \/><\/figure><div class=\"elementor-image-box-content\"><h3 class=\"elementor-image-box-title\">Sentiers et Randonn\u00e9es<\/h3><p class=\"elementor-image-box-description\">Explorez des sentiers de montagne entre falaises, for\u00eats et ruisseaux. Il y a des sentiers balis\u00e9s pour tous les niveaux, avec des vues \u00e0 couper le souffle.<\/p><\/div><\/div>\t\t\t\t<\/div>\n\t\t\t\t<\/div>\n\t\t\t\t\t<\/div>\n\t\t<\/div>\n\t\t\t\t<div class=\"elementor-column elementor-col-33 elementor-inner-column elementor-element elementor-element-ce37cf7\" data-id=\"ce37cf7\" data-element_type=\"column\" data-e-type=\"column\">\n\t\t\t<div class=\"elementor-widget-wrap elementor-element-populated\">\n\t\t\t\t\t\t<div class=\"elementor-element elementor-element-bc87e59 elementor-position-top elementor-widget elementor-widget-image-box\" data-id=\"bc87e59\" data-element_type=\"widget\" data-e-type=\"widget\" data-widget_type=\"image-box.default\">\n\t\t\t\t<div class=\"elementor-widget-container\">\n\t\t\t\t\t<div class=\"elementor-image-box-wrapper\"><figure class=\"elementor-image-box-img\"><img loading=\"lazy\" decoding=\"async\" width=\"540\" height=\"675\" src=\"https:\/\/casinhadaceu.pt\/wp-content\/uploads\/2025\/07\/btt.webp\" class=\"attachment-full size-full wp-image-3099\" alt=\"\" srcset=\"https:\/\/casinhadaceu.pt\/wp-content\/uploads\/2025\/07\/btt.webp 540w, https:\/\/casinhadaceu.pt\/wp-content\/uploads\/2025\/07\/btt-240x300.webp 240w, https:\/\/casinhadaceu.pt\/wp-content\/uploads\/2025\/07\/btt-10x12.webp 10w\" sizes=\"(max-width: 540px) 100vw, 540px\" \/><\/figure><div class=\"elementor-image-box-content\"><h3 class=\"elementor-image-box-title\">Balades en VTT<\/h3><p class=\"elementor-image-box-description\">La montagne est un paradis pour les amateurs de v\u00e9lo. Louez-en un et partez \u00e0 l\u2019aventure sur des sentiers serpentant montagnes et vall\u00e9es.<\/p><\/div><\/div>\t\t\t\t<\/div>\n\t\t\t\t<\/div>\n\t\t\t\t\t<\/div>\n\t\t<\/div>\n\t\t\t\t\t<\/div>\n\t\t<\/section>\n\t\t\t\t\t<\/div>\n\t\t<\/div>\n\t\t\t\t\t<\/div>\n\t\t<\/section>\n\t\t\t\t<section class=\"elementor-section elementor-top-section elementor-element elementor-element-34fcfb9 elementor-section-boxed elementor-section-height-default elementor-section-height-default\" data-id=\"34fcfb9\" data-element_type=\"section\" data-e-type=\"section\">\n\t\t\t\t\t\t<div class=\"elementor-container elementor-column-gap-default\">\n\t\t\t\t\t<div class=\"elementor-column elementor-col-100 elementor-top-column elementor-element elementor-element-0a15d6e\" data-id=\"0a15d6e\" data-element_type=\"column\" data-e-type=\"column\">\n\t\t\t<div class=\"elementor-widget-wrap elementor-element-populated\">\n\t\t\t\t\t\t<div class=\"elementor-element elementor-element-03f6327 animated-slow elementor-invisible elementor-widget elementor-widget-heading\" data-id=\"03f6327\" data-element_type=\"widget\" data-e-type=\"widget\" data-settings=\"{&quot;_animation&quot;:&quot;fadeIn&quot;}\" data-widget_type=\"heading.default\">\n\t\t\t\t<div class=\"elementor-widget-container\">\n\t\t\t\t\t<h2 class=\"elementor-heading-title elementor-size-default\">\ud83c\udf92 Aventure et Activit\u00e9<\/h2>\t\t\t\t<\/div>\n\t\t\t\t<\/div>\n\t\t\t\t<section class=\"elementor-section elementor-inner-section elementor-element elementor-element-1b93482 elementor-section-boxed elementor-section-height-default elementor-section-height-default\" data-id=\"1b93482\" data-element_type=\"section\" data-e-type=\"section\">\n\t\t\t\t\t\t<div class=\"elementor-container elementor-column-gap-default\">\n\t\t\t\t\t<div class=\"elementor-column elementor-col-33 elementor-inner-column elementor-element elementor-element-e59aedf\" data-id=\"e59aedf\" data-element_type=\"column\" data-e-type=\"column\">\n\t\t\t<div class=\"elementor-widget-wrap elementor-element-populated\">\n\t\t\t\t\t\t<div class=\"elementor-element elementor-element-e9774c2 elementor-position-top elementor-widget elementor-widget-image-box\" data-id=\"e9774c2\" data-element_type=\"widget\" data-e-type=\"widget\" data-widget_type=\"image-box.default\">\n\t\t\t\t<div class=\"elementor-widget-container\">\n\t\t\t\t\t<div class=\"elementor-image-box-wrapper\"><figure class=\"elementor-image-box-img\"><img loading=\"lazy\" decoding=\"async\" width=\"540\" height=\"675\" src=\"https:\/\/casinhadaceu.pt\/wp-content\/uploads\/2025\/07\/Canyoning.jpg\" class=\"attachment-full size-full wp-image-3103\" alt=\"\" srcset=\"https:\/\/casinhadaceu.pt\/wp-content\/uploads\/2025\/07\/Canyoning.jpg 540w, https:\/\/casinhadaceu.pt\/wp-content\/uploads\/2025\/07\/Canyoning-240x300.jpg 240w, https:\/\/casinhadaceu.pt\/wp-content\/uploads\/2025\/07\/Canyoning-10x12.jpg 10w\" sizes=\"(max-width: 540px) 100vw, 540px\" \/><\/figure><div class=\"elementor-image-box-content\"><h3 class=\"elementor-image-box-title\">Canyoning<\/h3><p class=\"elementor-image-box-description\">Pour les plus aventureux, le canyoning est une exp\u00e9rience incontournable : sauts, cascades, rappel et beaucoup d\u2019adr\u00e9naline en pleine nature.<\/p><\/div><\/div>\t\t\t\t<\/div>\n\t\t\t\t<\/div>\n\t\t\t\t\t<\/div>\n\t\t<\/div>\n\t\t\t\t<div class=\"elementor-column elementor-col-33 elementor-inner-column elementor-element elementor-element-9dcf652\" data-id=\"9dcf652\" data-element_type=\"column\" data-e-type=\"column\">\n\t\t\t<div class=\"elementor-widget-wrap elementor-element-populated\">\n\t\t\t\t\t\t<div class=\"elementor-element elementor-element-5ef4f65 elementor-position-top elementor-widget elementor-widget-image-box\" data-id=\"5ef4f65\" data-element_type=\"widget\" data-e-type=\"widget\" data-widget_type=\"image-box.default\">\n\t\t\t\t<div class=\"elementor-widget-container\">\n\t\t\t\t\t<div class=\"elementor-image-box-wrapper\"><figure class=\"elementor-image-box-img\"><img loading=\"lazy\" decoding=\"async\" width=\"540\" height=\"675\" src=\"https:\/\/casinhadaceu.pt\/wp-content\/uploads\/2025\/07\/Escalada.webp\" class=\"attachment-full size-full wp-image-3107\" alt=\"\" srcset=\"https:\/\/casinhadaceu.pt\/wp-content\/uploads\/2025\/07\/Escalada.webp 540w, https:\/\/casinhadaceu.pt\/wp-content\/uploads\/2025\/07\/Escalada-240x300.webp 240w, https:\/\/casinhadaceu.pt\/wp-content\/uploads\/2025\/07\/Escalada-10x12.webp 10w\" sizes=\"(max-width: 540px) 100vw, 540px\" \/><\/figure><div class=\"elementor-image-box-content\"><h3 class=\"elementor-image-box-title\">Escalada &amp; Rappel<\/h3><p class=\"elementor-image-box-description\">Des guides locaux organisent des exp\u00e9riences s\u00e9curis\u00e9es pour d\u00e9butants et aventuriers exp\u00e9riment\u00e9s. Une fa\u00e7on unique de vivre la montagne.<\/p><\/div><\/div>\t\t\t\t<\/div>\n\t\t\t\t<\/div>\n\t\t\t\t\t<\/div>\n\t\t<\/div>\n\t\t\t\t<div class=\"elementor-column elementor-col-33 elementor-inner-column elementor-element elementor-element-8776b48\" data-id=\"8776b48\" data-element_type=\"column\" data-e-type=\"column\">\n\t\t\t<div class=\"elementor-widget-wrap elementor-element-populated\">\n\t\t\t\t\t\t<div class=\"elementor-element elementor-element-bdfd14c elementor-position-top elementor-widget elementor-widget-image-box\" data-id=\"bdfd14c\" data-element_type=\"widget\" data-e-type=\"widget\" data-widget_type=\"image-box.default\">\n\t\t\t\t<div class=\"elementor-widget-container\">\n\t\t\t\t\t<div class=\"elementor-image-box-wrapper\"><figure class=\"elementor-image-box-img\"><img loading=\"lazy\" decoding=\"async\" width=\"540\" height=\"675\" src=\"https:\/\/casinhadaceu.pt\/wp-content\/uploads\/2025\/07\/Neve-Serra-da-Estrela.webp\" class=\"attachment-full size-full wp-image-3111\" alt=\"\" srcset=\"https:\/\/casinhadaceu.pt\/wp-content\/uploads\/2025\/07\/Neve-Serra-da-Estrela.webp 540w, https:\/\/casinhadaceu.pt\/wp-content\/uploads\/2025\/07\/Neve-Serra-da-Estrela-240x300.webp 240w, https:\/\/casinhadaceu.pt\/wp-content\/uploads\/2025\/07\/Neve-Serra-da-Estrela-10x12.webp 10w\" sizes=\"(max-width: 540px) 100vw, 540px\" \/><\/figure><div class=\"elementor-image-box-content\"><h3 class=\"elementor-image-box-title\">Neige en hiver<\/h3><p class=\"elementor-image-box-description\">Pendant les mois froids, la montagne se couvre de blanc. Montez jusqu\u2019aux Penhas da Sa\u00fade ou \u00e0 la Torre pour des activit\u00e9s hivernales : bonshommes de neige, luges ou patinage.<\/p><\/div><\/div>\t\t\t\t<\/div>\n\t\t\t\t<\/div>\n\t\t\t\t\t<\/div>\n\t\t<\/div>\n\t\t\t\t\t<\/div>\n\t\t<\/section>\n\t\t\t\t\t<\/div>\n\t\t<\/div>\n\t\t\t\t\t<\/div>\n\t\t<\/section>\n\t\t\t\t<section class=\"elementor-section elementor-top-section elementor-element elementor-element-7e4d1e3 elementor-section-boxed elementor-section-height-default elementor-section-height-default\" data-id=\"7e4d1e3\" data-element_type=\"section\" data-e-type=\"section\">\n\t\t\t\t\t\t<div class=\"elementor-container elementor-column-gap-default\">\n\t\t\t\t\t<div class=\"elementor-column elementor-col-100 elementor-top-column elementor-element elementor-element-e817b94\" data-id=\"e817b94\" data-element_type=\"column\" data-e-type=\"column\">\n\t\t\t<div class=\"elementor-widget-wrap elementor-element-populated\">\n\t\t\t\t\t\t<div class=\"elementor-element elementor-element-8f9fd63 animated-slow elementor-invisible elementor-widget elementor-widget-heading\" data-id=\"8f9fd63\" data-element_type=\"widget\" data-e-type=\"widget\" data-settings=\"{&quot;_animation&quot;:&quot;fadeIn&quot;}\" data-widget_type=\"heading.default\">\n\t\t\t\t<div class=\"elementor-widget-container\">\n\t\t\t\t\t<h2 class=\"elementor-heading-title elementor-size-default\">\ud83c\udf5e Culture &amp; Saveurs<\/h2>\t\t\t\t<\/div>\n\t\t\t\t<\/div>\n\t\t\t\t<section class=\"elementor-section elementor-inner-section elementor-element elementor-element-eac1451 elementor-section-boxed elementor-section-height-default elementor-section-height-default\" data-id=\"eac1451\" data-element_type=\"section\" data-e-type=\"section\">\n\t\t\t\t\t\t<div class=\"elementor-container elementor-column-gap-default\">\n\t\t\t\t\t<div class=\"elementor-column elementor-col-33 elementor-inner-column elementor-element elementor-element-997d45f\" data-id=\"997d45f\" data-element_type=\"column\" data-e-type=\"column\">\n\t\t\t<div class=\"elementor-widget-wrap elementor-element-populated\">\n\t\t\t\t\t\t<div class=\"elementor-element elementor-element-1257eac elementor-position-top elementor-widget elementor-widget-image-box\" data-id=\"1257eac\" data-element_type=\"widget\" data-e-type=\"widget\" data-widget_type=\"image-box.default\">\n\t\t\t\t<div class=\"elementor-widget-container\">\n\t\t\t\t\t<div class=\"elementor-image-box-wrapper\"><figure class=\"elementor-image-box-img\"><img loading=\"lazy\" decoding=\"async\" width=\"540\" height=\"675\" src=\"https:\/\/casinhadaceu.pt\/wp-content\/uploads\/2025\/07\/Produtos-Regionais.webp\" class=\"attachment-full size-full wp-image-3116\" alt=\"\" srcset=\"https:\/\/casinhadaceu.pt\/wp-content\/uploads\/2025\/07\/Produtos-Regionais.webp 540w, https:\/\/casinhadaceu.pt\/wp-content\/uploads\/2025\/07\/Produtos-Regionais-240x300.webp 240w, https:\/\/casinhadaceu.pt\/wp-content\/uploads\/2025\/07\/Produtos-Regionais-10x12.webp 10w\" sizes=\"(max-width: 540px) 100vw, 540px\" \/><\/figure><div class=\"elementor-image-box-content\"><h3 class=\"elementor-image-box-title\">Agrotourisme et produits locaux<\/h3><p class=\"elementor-image-box-description\">Visitez des fermes traditionnelles, d\u00e9couvrez la production du fromage de la Serra et savourez le meilleur de la r\u00e9gion. H\u00e9bergement au go\u00fbt d\u2019authenticit\u00e9.<\/p><\/div><\/div>\t\t\t\t<\/div>\n\t\t\t\t<\/div>\n\t\t\t\t\t<\/div>\n\t\t<\/div>\n\t\t\t\t<div class=\"elementor-column elementor-col-33 elementor-inner-column elementor-element elementor-element-f2c88af\" data-id=\"f2c88af\" data-element_type=\"column\" data-e-type=\"column\">\n\t\t\t<div class=\"elementor-widget-wrap elementor-element-populated\">\n\t\t\t\t\t\t<div class=\"elementor-element elementor-element-cb61a25 elementor-position-top elementor-widget elementor-widget-image-box\" data-id=\"cb61a25\" data-element_type=\"widget\" data-e-type=\"widget\" data-widget_type=\"image-box.default\">\n\t\t\t\t<div class=\"elementor-widget-container\">\n\t\t\t\t\t<div class=\"elementor-image-box-wrapper\"><figure class=\"elementor-image-box-img\"><img loading=\"lazy\" decoding=\"async\" width=\"540\" height=\"675\" src=\"https:\/\/casinhadaceu.pt\/wp-content\/uploads\/2025\/07\/Lojinha-da-Ceu.webp\" class=\"attachment-full size-full wp-image-3166\" alt=\"\" srcset=\"https:\/\/casinhadaceu.pt\/wp-content\/uploads\/2025\/07\/Lojinha-da-Ceu.webp 540w, https:\/\/casinhadaceu.pt\/wp-content\/uploads\/2025\/07\/Lojinha-da-Ceu-240x300.webp 240w, https:\/\/casinhadaceu.pt\/wp-content\/uploads\/2025\/07\/Lojinha-da-Ceu-10x12.webp 10w\" sizes=\"(max-width: 540px) 100vw, 540px\" \/><\/figure><div class=\"elementor-image-box-content\"><h3 class=\"elementor-image-box-title\">Lojinha da C\u00e9u<\/h3><p class=\"elementor-image-box-description\">Juste au rez-de-chauss\u00e9e de la maison, vous trouverez des produits r\u00e9gionaux, du pain frais, des fromages, des vins et tout ce dont vous avez besoin pour votre s\u00e9jour \u2014 avec la touche sp\u00e9ciale de D. C\u00e9u.<\/p><\/div><\/div>\t\t\t\t<\/div>\n\t\t\t\t<\/div>\n\t\t\t\t\t<\/div>\n\t\t<\/div>\n\t\t\t\t<div class=\"elementor-column elementor-col-33 elementor-inner-column elementor-element elementor-element-542682d\" data-id=\"542682d\" data-element_type=\"column\" data-e-type=\"column\">\n\t\t\t<div class=\"elementor-widget-wrap elementor-element-populated\">\n\t\t\t\t\t\t<div class=\"elementor-element elementor-element-2286757 elementor-position-top elementor-widget elementor-widget-image-box\" data-id=\"2286757\" data-element_type=\"widget\" data-e-type=\"widget\" data-widget_type=\"image-box.default\">\n\t\t\t\t<div class=\"elementor-widget-container\">\n\t\t\t\t\t<div class=\"elementor-image-box-wrapper\"><figure class=\"elementor-image-box-img\"><img loading=\"lazy\" decoding=\"async\" width=\"540\" height=\"675\" src=\"https:\/\/casinhadaceu.pt\/wp-content\/uploads\/2025\/07\/Cortes-do-Meio.webp\" class=\"attachment-full size-full wp-image-3120\" alt=\"\" srcset=\"https:\/\/casinhadaceu.pt\/wp-content\/uploads\/2025\/07\/Cortes-do-Meio.webp 540w, https:\/\/casinhadaceu.pt\/wp-content\/uploads\/2025\/07\/Cortes-do-Meio-240x300.webp 240w, https:\/\/casinhadaceu.pt\/wp-content\/uploads\/2025\/07\/Cortes-do-Meio-10x12.webp 10w\" sizes=\"(max-width: 540px) 100vw, 540px\" \/><\/figure><div class=\"elementor-image-box-content\"><h3 class=\"elementor-image-box-title\">Villages de montagne<\/h3><p class=\"elementor-image-box-description\">Cortes do Meio fait partie du r\u00e9seau des Villages de Montagne. Promenez-vous dans les rues typiques, d\u00e9couvrez l\u2019histoire et le mode de vie montagnard.<\/p><\/div><\/div>\t\t\t\t<\/div>\n\t\t\t\t<\/div>\n\t\t\t\t\t<\/div>\n\t\t<\/div>\n\t\t\t\t\t<\/div>\n\t\t<\/section>\n\t\t\t\t\t<\/div>\n\t\t<\/div>\n\t\t\t\t\t<\/div>\n\t\t<\/section>\n\t\t\t\t<\/div>","protected":false},"excerpt":{"rendered":"<p>O que fazer em Cortes do Meio e na Serra da Estrela A aventura come\u00e7a \u00e0 porta da Casinha da C\u00e9u Quer venhas em busca de tranquilidade, de aventura ou de natureza pura, est\u00e1s no s\u00edtio certo. A Casinha da C\u00e9u est\u00e1 no cora\u00e7\u00e3o da Serra da Estrela \u2014 e tudo come\u00e7a a poucos passos [&hellip;]<\/p>","protected":false},"author":1,"featured_media":0,"parent":0,"menu_order":0,"comment_status":"closed","ping_status":"closed","template":"","meta":{"footnotes":""},"class_list":["post-3095","page","type-page","status-publish","hentry"],"yoast_head":"<!-- This site is optimized with the Yoast SEO plugin v27.4 - https:\/\/yoast.com\/product\/yoast-seo-wordpress\/ -->\n<title>O Que Fazer na Serra da Estrela | Trilhos, Natureza e Aventuras em Cortes do Meio<\/title>\n<meta name=\"description\" content=\"Descubra o que fazer na Serra da Estrela e Cortes do Meio: trilhos incr\u00edveis, canyoning, BTT, agroturismo e paisagens \u00fanicas em plena natureza.\" \/>\n<meta name=\"robots\" content=\"index, follow, max-snippet:-1, max-image-preview:large, max-video-preview:-1\" \/>\n<link rel=\"canonical\" href=\"https:\/\/casinhadaceu.pt\/fr\/o-que-fazer-em-cortes-do-meio-e-na-serra-da-estrela\/\" \/>\n<meta property=\"og:locale\" content=\"fr_FR\" \/>\n<meta property=\"og:type\" content=\"article\" \/>\n<meta property=\"og:title\" content=\"O Que Fazer na Serra da Estrela | Trilhos, Natureza e Aventuras em Cortes do Meio\" \/>\n<meta property=\"og:description\" content=\"Descubra o que fazer na Serra da Estrela e Cortes do Meio: trilhos incr\u00edveis, canyoning, BTT, agroturismo e paisagens \u00fanicas em plena natureza.\" \/>\n<meta property=\"og:url\" content=\"https:\/\/casinhadaceu.pt\/fr\/o-que-fazer-em-cortes-do-meio-e-na-serra-da-estrela\/\" \/>\n<meta property=\"og:site_name\" content=\"Casinha da C\u00e9u\" \/>\n<meta property=\"article:publisher\" content=\"https:\/\/www.facebook.com\/casinhadaceu.pt\" \/>\n<meta property=\"article:modified_time\" content=\"2025-07-22T20:57:44+00:00\" \/>\n<meta property=\"og:image\" content=\"https:\/\/casinhadaceu.pt\/wp-content\/uploads\/2025\/07\/natanael-vieira-M2QbhbOPbk8-unsplash-819x1024.webp\" \/>\n<meta name=\"twitter:card\" content=\"summary_large_image\" \/>\n<meta name=\"twitter:label1\" content=\"Dur\u00e9e de lecture estim\u00e9e\" \/>\n\t<meta name=\"twitter:data1\" content=\"4 minutes\" \/>\n<script type=\"application\/ld+json\" class=\"yoast-schema-graph\">{\"@context\":\"https:\\\/\\\/schema.org\",\"@graph\":[{\"@type\":\"WebPage\",\"@id\":\"https:\\\/\\\/casinhadaceu.pt\\\/fr\\\/o-que-fazer-em-cortes-do-meio-e-na-serra-da-estrela\\\/\",\"url\":\"https:\\\/\\\/casinhadaceu.pt\\\/fr\\\/o-que-fazer-em-cortes-do-meio-e-na-serra-da-estrela\\\/\",\"name\":\"O Que Fazer na Serra da Estrela | Trilhos, Natureza e Aventuras em Cortes do Meio\",\"isPartOf\":{\"@id\":\"https:\\\/\\\/casinhadaceu.pt\\\/#website\"},\"primaryImageOfPage\":{\"@id\":\"https:\\\/\\\/casinhadaceu.pt\\\/fr\\\/o-que-fazer-em-cortes-do-meio-e-na-serra-da-estrela\\\/#primaryimage\"},\"image\":{\"@id\":\"https:\\\/\\\/casinhadaceu.pt\\\/fr\\\/o-que-fazer-em-cortes-do-meio-e-na-serra-da-estrela\\\/#primaryimage\"},\"thumbnailUrl\":\"https:\\\/\\\/casinhadaceu.pt\\\/wp-content\\\/uploads\\\/2025\\\/07\\\/natanael-vieira-M2QbhbOPbk8-unsplash-819x1024.webp\",\"datePublished\":\"2025-07-22T19:04:36+00:00\",\"dateModified\":\"2025-07-22T20:57:44+00:00\",\"description\":\"Descubra o que fazer na Serra da Estrela e Cortes do Meio: trilhos incr\u00edveis, canyoning, BTT, agroturismo e paisagens \u00fanicas em plena natureza.\",\"breadcrumb\":{\"@id\":\"https:\\\/\\\/casinhadaceu.pt\\\/fr\\\/o-que-fazer-em-cortes-do-meio-e-na-serra-da-estrela\\\/#breadcrumb\"},\"inLanguage\":\"fr-FR\",\"potentialAction\":[{\"@type\":\"ReadAction\",\"target\":[\"https:\\\/\\\/casinhadaceu.pt\\\/fr\\\/o-que-fazer-em-cortes-do-meio-e-na-serra-da-estrela\\\/\"]}]},{\"@type\":\"ImageObject\",\"inLanguage\":\"fr-FR\",\"@id\":\"https:\\\/\\\/casinhadaceu.pt\\\/fr\\\/o-que-fazer-em-cortes-do-meio-e-na-serra-da-estrela\\\/#primaryimage\",\"url\":\"https:\\\/\\\/casinhadaceu.pt\\\/wp-content\\\/uploads\\\/2025\\\/07\\\/natanael-vieira-M2QbhbOPbk8-unsplash-819x1024.webp\",\"contentUrl\":\"https:\\\/\\\/casinhadaceu.pt\\\/wp-content\\\/uploads\\\/2025\\\/07\\\/natanael-vieira-M2QbhbOPbk8-unsplash-819x1024.webp\"},{\"@type\":\"BreadcrumbList\",\"@id\":\"https:\\\/\\\/casinhadaceu.pt\\\/fr\\\/o-que-fazer-em-cortes-do-meio-e-na-serra-da-estrela\\\/#breadcrumb\",\"itemListElement\":[{\"@type\":\"ListItem\",\"position\":1,\"name\":\"In\u00edcio\",\"item\":\"https:\\\/\\\/casinhadaceu.pt\\\/\"},{\"@type\":\"ListItem\",\"position\":2,\"name\":\"O que fazer em Cortes do Meio e na Serra da Estrela\"}]},{\"@type\":\"WebSite\",\"@id\":\"https:\\\/\\\/casinhadaceu.pt\\\/#website\",\"url\":\"https:\\\/\\\/casinhadaceu.pt\\\/\",\"name\":\"Casinha da C\u00e9u\",\"description\":\"Alojamento Local\",\"publisher\":{\"@id\":\"https:\\\/\\\/casinhadaceu.pt\\\/#organization\"},\"potentialAction\":[{\"@type\":\"SearchAction\",\"target\":{\"@type\":\"EntryPoint\",\"urlTemplate\":\"https:\\\/\\\/casinhadaceu.pt\\\/?s={search_term_string}\"},\"query-input\":{\"@type\":\"PropertyValueSpecification\",\"valueRequired\":true,\"valueName\":\"search_term_string\"}}],\"inLanguage\":\"fr-FR\"},{\"@type\":\"Organization\",\"@id\":\"https:\\\/\\\/casinhadaceu.pt\\\/#organization\",\"name\":\"Casinha da C\u00e9u\",\"url\":\"https:\\\/\\\/casinhadaceu.pt\\\/\",\"logo\":{\"@type\":\"ImageObject\",\"inLanguage\":\"fr-FR\",\"@id\":\"https:\\\/\\\/casinhadaceu.pt\\\/#\\\/schema\\\/logo\\\/image\\\/\",\"url\":\"https:\\\/\\\/casinhadaceu.pt\\\/wp-content\\\/uploads\\\/2025\\\/07\\\/Casinha-da-Ceu.svg\",\"contentUrl\":\"https:\\\/\\\/casinhadaceu.pt\\\/wp-content\\\/uploads\\\/2025\\\/07\\\/Casinha-da-Ceu.svg\",\"width\":1012,\"height\":625,\"caption\":\"Casinha da C\u00e9u\"},\"image\":{\"@id\":\"https:\\\/\\\/casinhadaceu.pt\\\/#\\\/schema\\\/logo\\\/image\\\/\"},\"sameAs\":[\"https:\\\/\\\/www.facebook.com\\\/casinhadaceu.pt\",\"https:\\\/\\\/www.instagram.com\\\/casinhadaceu.pt\"]}]}<\/script>\n<!-- \/ Yoast SEO plugin. -->","yoast_head_json":{"title":"O Que Fazer na Serra da Estrela | Trilhos, Natureza e Aventuras em Cortes do Meio","description":"Descubra o que fazer na Serra da Estrela e Cortes do Meio: trilhos incr\u00edveis, canyoning, BTT, agroturismo e paisagens \u00fanicas em plena natureza.","robots":{"index":"index","follow":"follow","max-snippet":"max-snippet:-1","max-image-preview":"max-image-preview:large","max-video-preview":"max-video-preview:-1"},"canonical":"https:\/\/casinhadaceu.pt\/fr\/o-que-fazer-em-cortes-do-meio-e-na-serra-da-estrela\/","og_locale":"fr_FR","og_type":"article","og_title":"O Que Fazer na Serra da Estrela | Trilhos, Natureza e Aventuras em Cortes do Meio","og_description":"Descubra o que fazer na Serra da Estrela e Cortes do Meio: trilhos incr\u00edveis, canyoning, BTT, agroturismo e paisagens \u00fanicas em plena natureza.","og_url":"https:\/\/casinhadaceu.pt\/fr\/o-que-fazer-em-cortes-do-meio-e-na-serra-da-estrela\/","og_site_name":"Casinha da C\u00e9u","article_publisher":"https:\/\/www.facebook.com\/casinhadaceu.pt","article_modified_time":"2025-07-22T20:57:44+00:00","og_image":[{"url":"https:\/\/casinhadaceu.pt\/wp-content\/uploads\/2025\/07\/natanael-vieira-M2QbhbOPbk8-unsplash-819x1024.webp","type":"","width":"","height":""}],"twitter_card":"summary_large_image","twitter_misc":{"Dur\u00e9e de lecture estim\u00e9e":"4 minutes"},"schema":{"@context":"https:\/\/schema.org","@graph":[{"@type":"WebPage","@id":"https:\/\/casinhadaceu.pt\/fr\/o-que-fazer-em-cortes-do-meio-e-na-serra-da-estrela\/","url":"https:\/\/casinhadaceu.pt\/fr\/o-que-fazer-em-cortes-do-meio-e-na-serra-da-estrela\/","name":"O Que Fazer na Serra da Estrela | Trilhos, Natureza e Aventuras em Cortes do Meio","isPartOf":{"@id":"https:\/\/casinhadaceu.pt\/#website"},"primaryImageOfPage":{"@id":"https:\/\/casinhadaceu.pt\/fr\/o-que-fazer-em-cortes-do-meio-e-na-serra-da-estrela\/#primaryimage"},"image":{"@id":"https:\/\/casinhadaceu.pt\/fr\/o-que-fazer-em-cortes-do-meio-e-na-serra-da-estrela\/#primaryimage"},"thumbnailUrl":"https:\/\/casinhadaceu.pt\/wp-content\/uploads\/2025\/07\/natanael-vieira-M2QbhbOPbk8-unsplash-819x1024.webp","datePublished":"2025-07-22T19:04:36+00:00","dateModified":"2025-07-22T20:57:44+00:00","description":"Descubra o que fazer na Serra da Estrela e Cortes do Meio: trilhos incr\u00edveis, canyoning, BTT, agroturismo e paisagens \u00fanicas em plena natureza.","breadcrumb":{"@id":"https:\/\/casinhadaceu.pt\/fr\/o-que-fazer-em-cortes-do-meio-e-na-serra-da-estrela\/#breadcrumb"},"inLanguage":"fr-FR","potentialAction":[{"@type":"ReadAction","target":["https:\/\/casinhadaceu.pt\/fr\/o-que-fazer-em-cortes-do-meio-e-na-serra-da-estrela\/"]}]},{"@type":"ImageObject","inLanguage":"fr-FR","@id":"https:\/\/casinhadaceu.pt\/fr\/o-que-fazer-em-cortes-do-meio-e-na-serra-da-estrela\/#primaryimage","url":"https:\/\/casinhadaceu.pt\/wp-content\/uploads\/2025\/07\/natanael-vieira-M2QbhbOPbk8-unsplash-819x1024.webp","contentUrl":"https:\/\/casinhadaceu.pt\/wp-content\/uploads\/2025\/07\/natanael-vieira-M2QbhbOPbk8-unsplash-819x1024.webp"},{"@type":"BreadcrumbList","@id":"https:\/\/casinhadaceu.pt\/fr\/o-que-fazer-em-cortes-do-meio-e-na-serra-da-estrela\/#breadcrumb","itemListElement":[{"@type":"ListItem","position":1,"name":"In\u00edcio","item":"https:\/\/casinhadaceu.pt\/"},{"@type":"ListItem","position":2,"name":"O que fazer em Cortes do Meio e na Serra da Estrela"}]},{"@type":"WebSite","@id":"https:\/\/casinhadaceu.pt\/#website","url":"https:\/\/casinhadaceu.pt\/","name":"Casinha da C\u00e9u","description":"Alojamento Local","publisher":{"@id":"https:\/\/casinhadaceu.pt\/#organization"},"potentialAction":[{"@type":"SearchAction","target":{"@type":"EntryPoint","urlTemplate":"https:\/\/casinhadaceu.pt\/?s={search_term_string}"},"query-input":{"@type":"PropertyValueSpecification","valueRequired":true,"valueName":"search_term_string"}}],"inLanguage":"fr-FR"},{"@type":"Organization","@id":"https:\/\/casinhadaceu.pt\/#organization","name":"Casinha da C\u00e9u","url":"https:\/\/casinhadaceu.pt\/","logo":{"@type":"ImageObject","inLanguage":"fr-FR","@id":"https:\/\/casinhadaceu.pt\/#\/schema\/logo\/image\/","url":"https:\/\/casinhadaceu.pt\/wp-content\/uploads\/2025\/07\/Casinha-da-Ceu.svg","contentUrl":"https:\/\/casinhadaceu.pt\/wp-content\/uploads\/2025\/07\/Casinha-da-Ceu.svg","width":1012,"height":625,"caption":"Casinha da C\u00e9u"},"image":{"@id":"https:\/\/casinhadaceu.pt\/#\/schema\/logo\/image\/"},"sameAs":["https:\/\/www.facebook.com\/casinhadaceu.pt","https:\/\/www.instagram.com\/casinhadaceu.pt"]}]}},"_links":{"self":[{"href":"https:\/\/casinhadaceu.pt\/fr\/wp-json\/wp\/v2\/pages\/3095","targetHints":{"allow":["GET"]}}],"collection":[{"href":"https:\/\/casinhadaceu.pt\/fr\/wp-json\/wp\/v2\/pages"}],"about":[{"href":"https:\/\/casinhadaceu.pt\/fr\/wp-json\/wp\/v2\/types\/page"}],"author":[{"embeddable":true,"href":"https:\/\/casinhadaceu.pt\/fr\/wp-json\/wp\/v2\/users\/1"}],"replies":[{"embeddable":true,"href":"https:\/\/casinhadaceu.pt\/fr\/wp-json\/wp\/v2\/comments?post=3095"}],"version-history":[{"count":25,"href":"https:\/\/casinhadaceu.pt\/fr\/wp-json\/wp\/v2\/pages\/3095\/revisions"}],"predecessor-version":[{"id":3169,"href":"https:\/\/casinhadaceu.pt\/fr\/wp-json\/wp\/v2\/pages\/3095\/revisions\/3169"}],"wp:attachment":[{"href":"https:\/\/casinhadaceu.pt\/fr\/wp-json\/wp\/v2\/media?parent=3095"}],"curies":[{"name":"wp","href":"https:\/\/api.w.org\/{rel}","templated":true}]}}